{"id":10532,"date":"2022-04-11T14:40:28","date_gmt":"2022-04-11T14:40:28","guid":{"rendered":"https:\/\/www.montbar.com\/?page_id=10532"},"modified":"2026-08-11T22:35:20","modified_gmt":"2026-08-11T22:35:20","slug":"sobre-nosotros","status":"publish","type":"page","link":"https:\/\/montbar.com\/ca\/sobre-nosotros\/","title":{"rendered":"SOBRE NOSALTRES"},"content":{"rendered":"<p>[vc_row disable_element=\u00bbyes\u00bb][vc_column][vc_column_text]<\/p>\n<div class=\"eltd-full-width\">\n<div class=\"eltd-full-width-inner\">\n<p>[\/vc_column_text][\/vc_column][\/vc_row][vc_row content_width=\u00bbgrid\u00bb content_aligment=\u00bbcenter\u00bb el_id=\u00bbnos\u00bb][vc_column offset=\u00bbvc_col-lg-offset-3 vc_col-lg-6 vc_col-md-offset-1 vc_col-md-10&#8243;][vc_raw_html]JTNDaDElMjBjbGFzcyUzRCUyMmVsdGQtc2VjdGlvbi10aXRsZSUyMiUzRVNPQlJFJTIwTk9TQUxUUkVTJTNDJTJGaDElM0U=[\/vc_raw_html][vc_column_text]<\/p>\n<p style=\"text-align: center;\">Mont Bar \u00e9s un restaurant gastron\u00f2mic \u00edntim on la barra no \u00e9s un element decoratiu, sin\u00f3 una manera d\u2019articular tota l\u2019experi\u00e8ncia. La proximitat entre la cuina, la sala i el comensal, juntament amb el ritme del servei i la llibertat de l\u2019espai, permet gaudir d\u2019una cuina ambiciosa d\u2019una manera directa i natural.<\/p>\n<p style=\"text-align: center;\">El producte i la temporada guien l\u2019experi\u00e8ncia. El men\u00fa es desenvolupa a trav\u00e9s d\u2019una successi\u00f3 de snacks i plats: petites elaboracions de gran complexitat, moltes d\u2019elles concebudes per menjar-se amb les mans, que donen pas a plats de format m\u00e9s ampli. La t\u00e8cnica aporta textura, contrast i sorpresa, per\u00f2 mai no amaga el producte ni el seu sabor.<\/p>\n<p style=\"text-align: center;\">Mont Bar reuneix la precisi\u00f3 de l\u2019alta gastronomia amb l\u2019espontane\u00eftat d\u2019un bar.<\/p>\n<p>[\/vc_column_text][vc_empty_space]<div class=\"eltd-team main-info-below-image\">\n\t<div class=\"eltd-team-inner\">\n\t\t\t\t\t<div class=\"eltd-team-image square\">\n\t\t\t\t<img loading=\"lazy\" decoding=\"async\" width=\"1707\" height=\"2560\" src=\"https:\/\/montbar.com\/wp-content\/uploads\/2022\/12\/DSC04984-scaled.jpg\" class=\"attachment-full size-full\" alt=\"Iv\u00e1n Castro - Jefe de Sala\" srcset=\"https:\/\/montbar.com\/wp-content\/uploads\/2022\/12\/DSC04984-scaled.jpg 1707w, https:\/\/montbar.com\/wp-content\/uploads\/2022\/12\/DSC04984-200x300.jpg 200w, https:\/\/montbar.com\/wp-content\/uploads\/2022\/12\/DSC04984-683x1024.jpg 683w, https:\/\/montbar.com\/wp-content\/uploads\/2022\/12\/DSC04984-768x1152.jpg 768w, https:\/\/montbar.com\/wp-content\/uploads\/2022\/12\/DSC04984-1024x1536.jpg 1024w, https:\/\/montbar.com\/wp-content\/uploads\/2022\/12\/DSC04984-1365x2048.jpg 1365w\" sizes=\"auto, (max-width: 1707px) 100vw, 1707px\" \/>\t\t\t<\/div>\n\t\t\n\t\t<div class=\"eltd-team-info\">\n\t\t\t\t\t\t\t<h5 class=\"eltd-team-name\">\n\t\t\t\t\tIv\u00e1n Castro\t\t\t\t<\/h5>\n\t\t\t\t\t\t\t<h6 class=\"eltd-team-position\">Cap de sala<\/h6>\n\t\t\t\t\t\t<div class=\"eltd-team-social normal_social\">\n\t\t\t\t\t\t\t<\/div>\n\t\t<\/div>\n\n\t<\/div>\n<\/div>[vc_column_text]<\/p>\n<p style=\"text-align: center;\">Mont Bar i Mediamanga neixen de la visi\u00f3 d\u2019Ivan Castro i de la seva manera personal d\u2019entendre l\u2019hostaleria.<\/p>\n<p style=\"text-align: center;\">Descendent d\u2019una fam\u00edlia d\u2019hostalers origin\u00e0ria de Mont, un petit poble de nom\u00e9s 46 habitants situat a la Val d\u2019Aran, Ivan va cr\u00e9ixer estretament vinculat al m\u00f3n de la restauraci\u00f3. El nom de Mont Bar ret homenatge a aquestes arrels familiars.<\/p>\n<p style=\"text-align: center;\">Format en comptabilitat i sommelieria, Ivan \u00e9s, per damunt de tot, un empresari intu\u00eftiu, profundament apassionat per la gastronomia i un amfitri\u00f3 per naturalesa. La seva mirada engloba tots els aspectes del restaurant: la proposta gastron\u00f2mica, la selecci\u00f3 de vins, el servei, l\u2019ambient i l\u2019experi\u00e8ncia de cada comensal.<\/p>\n<p style=\"text-align: center;\">La barra sempre ha ocupat un lloc essencial en la seva visi\u00f3: un espai proper i din\u00e0mic en qu\u00e8 compartir la gastronomia. Aquesta filosofia es reflecteix tant a Mont Bar com a Mediamanga.<\/p>\n<p style=\"text-align: center;\">Abans d\u2019emprendre els seus propis projectes, Ivan va treballar en diferents restaurants i bars de Barcelona i va crear la seva pr\u00f2pia distribu\u00efdora. Aquesta traject\u00f2ria li va permetre con\u00e8ixer l\u2019hostaleria des de diferents perspectives i desenvolupar una visi\u00f3 en qu\u00e8 l\u2019excel\u00b7l\u00e8ncia, la proximitat i la personalitat conviuen de manera natural.<\/p>\n<p style=\"text-align: center;\">L\u2019any 2013, amb 27 anys, va obrir <strong>Mont Bar<\/strong>, el seu projecte m\u00e9s personal. Quatre anys despr\u00e9s, juntament amb la seva dona, Kasaundra Williams, origin\u00e0ria de Toronto, va crear <strong><a href=\"https:\/\/mediamanga.es\/\">Mediamanga<\/a><\/strong>: un concepte diferent i amb identitat pr\u00f2pia, per\u00f2 constru\u00eft sobre els mateixos valors.<\/p>\n<p style=\"text-align: center;\">Junts han desenvolupat dos espais que conceben l\u2019hospitalitat com una experi\u00e8ncia viva, propera i profundament humana.<\/p>\n<p style=\"text-align: center;\">Mont Bar s\u2019ha consolidat com un dels grans referents gastron\u00f2mics de Barcelona. La seva proposta destaca per la creativitat, la sensibilitat i la precisi\u00f3 t\u00e8cnica, mantenint sempre el car\u00e0cter proper, din\u00e0mic i personal amb qu\u00e8 va ser concebut.<\/p>\n<p style=\"text-align: center;\">Distingit amb <strong>dues estrelles Michelin<\/strong> i reconegut tamb\u00e9 per la <strong>Guia Repsol<\/strong> i el <strong>Club Macarfi<\/strong>, Mont Bar demostra que l\u2019alta gastronomia pot ser rigorosa sense resultar r\u00edgida, sofisticada sense perdre proximitat i excepcional sense deixar de ser aut\u00e8ntica.<\/p>\n<p>[\/vc_column_text][vc_empty_space][\/vc_column][\/vc_row][vc_row][vc_column]<div class=\"eltd-carousel-holder clearfix eltd-carousel-standard-type\"><div class=\"eltd-carousel\" data-items=\"4\" data-show_in_two_rows=\"no\" data-navigation=\"yes\" data-pagination=\"yes\" data-autoplay-duration=\"4000\" data-image-animation=\"image-change\"><div class=\"eltd-carousel-item-holder\">\n\t\t\t\t\t\t<span class=\"eltd-carousel-first-image-holder  eltd-image-change\">\n\t\t\t\t<img decoding=\"async\" src=\"https:\/\/montbar.com\/wp-content\/uploads\/2026\/04\/Mont-Bar-Team-1.jpg\" alt=\"(ESP) team1\">\n\t\t\t\t\t\t\t<\/span>\n\t\t\t\t\t<\/div><div class=\"eltd-carousel-item-holder\">\n\t\t\t\t\t\t<span class=\"eltd-carousel-first-image-holder  eltd-image-change\">\n\t\t\t\t<img decoding=\"async\" src=\"https:\/\/www.montbar.com\/wp-content\/uploads\/2022\/05\/Mont-Bar-100.jpg\" alt=\"(ESP) team2\">\n\t\t\t\t\t\t\t<\/span>\n\t\t\t\t\t<\/div><div class=\"eltd-carousel-item-holder\">\n\t\t\t\t\t\t<span class=\"eltd-carousel-first-image-holder  eltd-image-change\">\n\t\t\t\t<img decoding=\"async\" src=\"https:\/\/www.montbar.com\/wp-content\/uploads\/2022\/04\/Mont-Bar-276.jpg\" alt=\"(ESP) team3\">\n\t\t\t\t\t\t\t<\/span>\n\t\t\t\t\t<\/div><div class=\"eltd-carousel-item-holder\">\n\t\t\t\t\t\t<span class=\"eltd-carousel-first-image-holder  eltd-image-change\">\n\t\t\t\t<img decoding=\"async\" src=\"https:\/\/www.montbar.com\/wp-content\/uploads\/2022\/05\/Mont-Bar-62.jpg\" alt=\"(ESP) team4\">\n\t\t\t\t\t\t\t<\/span>\n\t\t\t\t\t<\/div><\/div><\/div>[\/vc_column][\/vc_row][vc_row][vc_column][vc_column_text]<\/p>\n<\/div>\n<\/div>\n<p>[\/vc_column_text][\/vc_column][\/vc_row]<\/p>\n","protected":false},"excerpt":{"rendered":"<p>[vc_row disable_element=\u00bbyes\u00bb][vc_column][vc_column_text] [\/vc_column_text][\/vc_column][\/vc_row][vc_row content_width=\u00bbgrid\u00bb content_aligment=\u00bbcenter\u00bb el_id=\u00bbnos\u00bb][vc_column offset=\u00bbvc_col-lg-offset-3 vc_col-lg-6 vc_col-md-offset-1 vc_col-md-10&#8243;][vc_raw_html]JTNDaDElMjBjbGFzcyUzRCUyMmVsdGQtc2VjdGlvbi10aXRsZSUyMiUzRVNPQlJFJTIwTk9TQUxUUkVTJTNDJTJGaDElM0U=[\/vc_raw_html][vc_column_text] Mont Bar \u00e9s un restaurant gastron\u00f2mic \u00edntim on la barra no \u00e9s un element decoratiu, sin\u00f3 una manera d\u2019articular tota l\u2019experi\u00e8ncia. La proximitat entre la cuina, la sala i el comensal, juntament amb el ritme&#8230;<\/p>\n","protected":false},"author":9,"featured_media":0,"parent":0,"menu_order":0,"comment_status":"closed","ping_status":"closed","template":"","meta":{"footnotes":""},"class_list":["post-10532","page","type-page","status-publish","hentry"],"_links":{"self":[{"href":"https:\/\/montbar.com\/ca\/wp-json\/wp\/v2\/pages\/10532","targetHints":{"allow":["GET"]}}],"collection":[{"href":"https:\/\/montbar.com\/ca\/wp-json\/wp\/v2\/pages"}],"about":[{"href":"https:\/\/montbar.com\/ca\/wp-json\/wp\/v2\/types\/page"}],"author":[{"embeddable":true,"href":"https:\/\/montbar.com\/ca\/wp-json\/wp\/v2\/users\/9"}],"replies":[{"embeddable":true,"href":"https:\/\/montbar.com\/ca\/wp-json\/wp\/v2\/comments?post=10532"}],"version-history":[{"count":109,"href":"https:\/\/montbar.com\/ca\/wp-json\/wp\/v2\/pages\/10532\/revisions"}],"predecessor-version":[{"id":12993,"href":"https:\/\/montbar.com\/ca\/wp-json\/wp\/v2\/pages\/10532\/revisions\/12993"}],"wp:attachment":[{"href":"https:\/\/montbar.com\/ca\/wp-json\/wp\/v2\/media?parent=10532"}],"curies":[{"name":"wp","href":"https:\/\/api.w.org\/{rel}","templated":true}]}}